{"id":50,"date":"2024-11-06T12:38:41","date_gmt":"2024-11-06T11:38:41","guid":{"rendered":"https:\/\/convegni.unica.it\/et2025\/?page_id=50"},"modified":"2024-11-06T16:56:26","modified_gmt":"2024-11-06T15:56:26","slug":"comitato-organizzatore","status":"publish","type":"page","link":"https:\/\/convegni.unica.it\/et2025\/convegno\/comitato-organizzatore\/","title":{"rendered":"Comitato Organizzatore"},"content":{"rendered":"<p><strong>Enrico AYMERICH<\/strong>, Universit\u00e0 degli Studi di Cagliari<\/p>\n<p><strong>Barbara CANNAS<\/strong>, Universit\u00e0 degli Studi di Cagliari<\/p>\n<p><strong>Sara CARCANGIU<\/strong>, Universit\u00e0 degli Studi di Cagliari<\/p>\n<p><strong>Alessandra FANNI<\/strong>, Universit\u00e0 degli Studi di Cagliari<\/p>\n<p><strong>Augusto MONTISCI<\/strong>, Universit\u00e0 degli Studi di Cagliari<\/p>\n<p><strong>Fabio PISANO<\/strong>, Universit\u00e0 degli Studi di Cagliari<\/p>\n<p><strong>Giuliana SIAS<\/strong>, Universit\u00e0 degli Studi di Cagliari<\/p>\n<p><a href=\"https:\/\/eumhd.com\/\" target=\"_blank\" rel=\"noopener\"><img loading=\"lazy\" decoding=\"async\" class=\"alignnone size-medium wp-image-116\" src=\"http:\/\/convegni.unica.it\/et2025\/files\/2024\/11\/EU_MHD_completo-300x195.png\" alt=\"\" width=\"300\" height=\"195\" srcset=\"https:\/\/convegni.unica.it\/et2025\/files\/2024\/11\/EU_MHD_completo-300x195.png 300w, https:\/\/convegni.unica.it\/et2025\/files\/2024\/11\/EU_MHD_completo-1024x667.png 1024w, https:\/\/convegni.unica.it\/et2025\/files\/2024\/11\/EU_MHD_completo-768x500.png 768w, https:\/\/convegni.unica.it\/et2025\/files\/2024\/11\/EU_MHD_completo-1536x1001.png 1536w, https:\/\/convegni.unica.it\/et2025\/files\/2024\/11\/EU_MHD_completo.png 1587w\" sizes=\"auto, (max-width: 300px) 100vw, 300px\" \/><\/a><\/p>\n","protected":false},"excerpt":{"rendered":"<p>Enrico AYMERICH, Universit\u00e0 degli Studi di Cagliari Barbara CANNAS, Universit\u00e0 degli Studi di Cagliari Sara CARCANGIU, Universit\u00e0 degli Studi di Cagliari Alessandra FANNI, Universit\u00e0 degli Studi di Cagliari Augusto MONTISCI, Universit\u00e0 degli Studi di Cagliari Fabio [&hellip;]<\/p>\n","protected":false},"author":1909,"featured_media":68,"parent":41,"menu_order":0,"comment_status":"closed","ping_status":"closed","template":"","meta":{"footnotes":""},"class_list":["post-50","page","type-page","status-publish","has-post-thumbnail","hentry"],"_links":{"self":[{"href":"https:\/\/convegni.unica.it\/et2025\/wp-json\/wp\/v2\/pages\/50","targetHints":{"allow":["GET"]}}],"collection":[{"href":"https:\/\/convegni.unica.it\/et2025\/wp-json\/wp\/v2\/pages"}],"about":[{"href":"https:\/\/convegni.unica.it\/et2025\/wp-json\/wp\/v2\/types\/page"}],"author":[{"embeddable":true,"href":"https:\/\/convegni.unica.it\/et2025\/wp-json\/wp\/v2\/users\/1909"}],"replies":[{"embeddable":true,"href":"https:\/\/convegni.unica.it\/et2025\/wp-json\/wp\/v2\/comments?post=50"}],"version-history":[{"count":5,"href":"https:\/\/convegni.unica.it\/et2025\/wp-json\/wp\/v2\/pages\/50\/revisions"}],"predecessor-version":[{"id":131,"href":"https:\/\/convegni.unica.it\/et2025\/wp-json\/wp\/v2\/pages\/50\/revisions\/131"}],"up":[{"embeddable":true,"href":"https:\/\/convegni.unica.it\/et2025\/wp-json\/wp\/v2\/pages\/41"}],"wp:featuredmedia":[{"embeddable":true,"href":"https:\/\/convegni.unica.it\/et2025\/wp-json\/wp\/v2\/media\/68"}],"wp:attachment":[{"href":"https:\/\/convegni.unica.it\/et2025\/wp-json\/wp\/v2\/media?parent=50"}],"curies":[{"name":"wp","href":"https:\/\/api.w.org\/{rel}","templated":true}]}}